{"id":2,"date":"2017-01-09T09:09:07","date_gmt":"2017-01-09T09:09:07","guid":{"rendered":"http:\/\/www.eventicrea.es\/?page_id=2"},"modified":"2017-11-25T10:57:38","modified_gmt":"2017-11-25T10:57:38","slug":"about","status":"publish","type":"page","link":"https:\/\/eventicrea.es\/pt\/about\/","title":{"rendered":"(Espa\u00f1ol) \u00bfQui\u00e9nes somos?"},"content":{"rendered":"<p class=\"qtranxs-available-languages-message qtranxs-available-languages-message-pt\">Desculpe, este conte\u00fado s\u00f3 est\u00e1 dispon\u00edvel em <a href=\"https:\/\/eventicrea.es\/es\/wp-json\/wp\/v2\/pages\/2\" class=\"qtranxs-available-language-link qtranxs-available-language-link-es\" title=\"Espa\u00f1ol\">Espa\u00f1ol<\/a> e <a href=\"https:\/\/eventicrea.es\/en\/wp-json\/wp\/v2\/pages\/2\" class=\"qtranxs-available-language-link qtranxs-available-language-link-en\" title=\"English\">English<\/a>. Por uma quest\u00e3o de conveni\u00eancia para o utilizador, o conte\u00fado \u00e9 mostrado abaixo no idioma por omiss\u00e3o para este site. Pode clicar numa das liga\u00e7\u00f5es para mudar o site para outro idioma dispon\u00edvel.<\/p><p><\/p>\n<h3><strong>Hacemos nuestro tu evento<\/strong><\/h3>\n<p><strong>eventiCrea<\/strong> es una empresa de eventos que nace de la ilusi\u00f3n por generar satisfacci\u00f3n y \u00e9xito a sus clientes.<\/p>\n<p>Con una amplia formaci\u00f3n y experiencia , tanto en el \u00e1rea corporativa como en eventos sociales, somos especialistas en la organizaci\u00f3n de todo tipo de eventos y ofrecemos un servicio integral.<\/p>\n<p>En el terreno profesional buscamos la excelencia para cubrir completamente las expectativas de nuestro cliente y ayudarle a alcanzar sus objetivos. \u00a0Lo hacemos detectando sus necesidades, asesor\u00e1ndole, manteni\u00e9ndonos a su disposici\u00f3n y en contacto continuo y desarrollando la idea con un cuidado meticuloso de los detalles.<\/p>\n<p>En el \u00e1mbito particular creamos momentos \u00fanicos. No s\u00f3lo pretendemos hacer realidad los deseos de nuestro cliente, sino que nuestra premisa es sorprender y, con iniciativa y creatividad, conseguir que ocasiones especiales se conviertan en inolvidables.<\/p>\n<p>\u00a1Optimiza tu tiempo confiando en nosotros para la realizaci\u00f3n de tu evento, te ofreceremos soluciones a medida para que el resultado sea el mejor!<\/p>\n<p>&nbsp;<\/p>\n<p><img decoding=\"async\" class=\"alignnone wp-image-335 alignleft\" src=\"https:\/\/www.eventicrea.es\/wp-content\/uploads\/2017\/01\/gerente.gif\" alt=\"Gerente eventiCrea\" width=\"184\" height=\"183\" \/><\/p>\n<p><span style=\"color: #800080;\"><strong>Susana L\u00f3pez Guerrero<\/strong><\/span><\/p>\n<p style=\"text-align: left;\"><span style=\"color: #000000;\"><strong>Gerente<\/strong><\/span><\/p>\n<p style=\"text-align: left;\"><span style=\"color: #000000;\">Licenciada en <strong>Traducci\u00f3n e Interpretaci\u00f3n <\/strong>\u00a0por la Universidad de M\u00e1laga dispone de m\u00e1s de 11 a\u00f1os de experiencia en el sector tur\u00edstico y cultural. Especializada en la organizaci\u00f3n de eventos su pasi\u00f3n es hacer de cada uno de ellos un acontecimiento \u00fanico e inolvidable.<\/span><\/p>\n<p><\/p>","protected":false},"excerpt":{"rendered":"<div class=\"slide-text-bg2\"><span>Desculpe, este conte\u00fado s\u00f3 est\u00e1 dispon\u00edvel em Espa\u00f1ol e English. Por uma quest\u00e3o de conveni\u00eancia para o utilizador, o conte\u00fado \u00e9 mostrado abaixo n<\/span><\/div>\n<div class=\"slide-btn-area-sm\"><a href=\"https:\/\/eventicrea.es\/pt\/about\/\" class=\"slide-btn-sm\">Read More<\/a><\/div>\n","protected":false},"author":1,"featured_media":0,"parent":0,"menu_order":0,"comment_status":"closed","ping_status":"open","template":"fullwidth.php","meta":{"footnotes":""},"class_list":["post-2","page","type-page","status-publish","hentry"],"_links":{"self":[{"href":"https:\/\/eventicrea.es\/pt\/wp-json\/wp\/v2\/pages\/2","targetHints":{"allow":["GET"]}}],"collection":[{"href":"https:\/\/eventicrea.es\/pt\/wp-json\/wp\/v2\/pages"}],"about":[{"href":"https:\/\/eventicrea.es\/pt\/wp-json\/wp\/v2\/types\/page"}],"author":[{"embeddable":true,"href":"https:\/\/eventicrea.es\/pt\/wp-json\/wp\/v2\/users\/1"}],"replies":[{"embeddable":true,"href":"https:\/\/eventicrea.es\/pt\/wp-json\/wp\/v2\/comments?post=2"}],"version-history":[{"count":23,"href":"https:\/\/eventicrea.es\/pt\/wp-json\/wp\/v2\/pages\/2\/revisions"}],"predecessor-version":[{"id":1558,"href":"https:\/\/eventicrea.es\/pt\/wp-json\/wp\/v2\/pages\/2\/revisions\/1558"}],"wp:attachment":[{"href":"https:\/\/eventicrea.es\/pt\/wp-json\/wp\/v2\/media?parent=2"}],"curies":[{"name":"wp","href":"https:\/\/api.w.org\/{rel}","templated":true}]}}