{"id":96,"date":"2017-01-10T13:29:56","date_gmt":"2017-01-10T13:29:56","guid":{"rendered":"http:\/\/www.eventicrea.es\/?page_id=96"},"modified":"2017-04-20T19:50:57","modified_gmt":"2017-04-20T19:50:57","slug":"organizacion-eventos","status":"publish","type":"page","link":"https:\/\/eventicrea.es\/pt\/organizacion-eventos\/","title":{"rendered":"(Espa\u00f1ol) Organizaci\u00f3n de eventos"},"content":{"rendered":"<p class=\"qtranxs-available-languages-message qtranxs-available-languages-message-pt\">Desculpe, este conte\u00fado s\u00f3 est\u00e1 dispon\u00edvel em <a href=\"https:\/\/eventicrea.es\/es\/wp-json\/wp\/v2\/pages\/96\" class=\"qtranxs-available-language-link qtranxs-available-language-link-es\" title=\"Espa\u00f1ol\">Espa\u00f1ol<\/a> e <a href=\"https:\/\/eventicrea.es\/en\/wp-json\/wp\/v2\/pages\/96\" class=\"qtranxs-available-language-link qtranxs-available-language-link-en\" title=\"English\">English<\/a>. Por uma quest\u00e3o de conveni\u00eancia para o utilizador, o conte\u00fado \u00e9 mostrado abaixo no idioma por omiss\u00e3o para este site. Pode clicar numa das liga\u00e7\u00f5es para mudar o site para outro idioma dispon\u00edvel.<\/p><p><\/p>\n<h3><strong>\u00bfNecesitas ayuda con tu boda?<\/strong><\/h3>\n<p>Te llevamos la agenda desde el primer d\u00eda hasta llegar al <strong>&#8220;s\u00ed quiero&#8221;<\/strong>, de manera que todo estar\u00e1 controlado, no se escapar\u00e1 ning\u00fan detalle y ser\u00e1 como siempre hab\u00edas so\u00f1ado.<\/p>\n<p><a href=\"https:\/\/www.eventicrea.es\/wp-content\/uploads\/2017\/01\/banner_boda2.jpg\"><img fetchpriority=\"high\" decoding=\"async\" class=\"alignnone size-full wp-image-101\" src=\"https:\/\/www.eventicrea.es\/wp-content\/uploads\/2017\/01\/banner_boda2.jpg\" alt=\"\" width=\"1280\" height=\"437\" srcset=\"https:\/\/eventicrea.es\/wp-content\/uploads\/2017\/01\/banner_boda2.jpg 1280w, https:\/\/eventicrea.es\/wp-content\/uploads\/2017\/01\/banner_boda2-300x102.jpg 300w, https:\/\/eventicrea.es\/wp-content\/uploads\/2017\/01\/banner_boda2-768x262.jpg 768w, https:\/\/eventicrea.es\/wp-content\/uploads\/2017\/01\/banner_boda2-1024x350.jpg 1024w\" sizes=\"(max-width: 1280px) 100vw, 1280px\" \/><\/a><\/p>\n<h3><strong>Congresos y convenciones<\/strong><\/h3>\n<p>Organizamos tu evento corporativo de <strong>forma integral<\/strong>.<\/p>\n<p>Nos encargamos de la <strong>secretar\u00eda t\u00e9cnica, cient\u00edfica y tur\u00edstica<\/strong> con todas las gestiones necesarias para la coordinaci\u00f3n y supervisi\u00f3n \u00f3ptima del evento.<\/p>\n\n\t\t<style type=\"text\/css\">\n\t\t\t#gallery-1 {\n\t\t\t\tmargin: auto;\n\t\t\t}\n\t\t\t#gallery-1 .gallery-item {\n\t\t\t\tfloat: left;\n\t\t\t\tmargin-top: 10px;\n\t\t\t\ttext-align: center;\n\t\t\t\twidth: 50%;\n\t\t\t}\n\t\t\t#gallery-1 img {\n\t\t\t\tborder: 2px solid #cfcfcf;\n\t\t\t}\n\t\t\t#gallery-1 .gallery-caption {\n\t\t\t\tmargin-left: 0;\n\t\t\t}\n\t\t\t\/* see gallery_shortcode() in wp-includes\/media.php *\/\n\t\t<\/style>\n\t\t<div id='gallery-1' class='gallery galleryid-96 gallery-columns-2 gallery-size-full'><dl class='gallery-item'>\n\t\t\t<dt class='gallery-icon landscape'>\n\t\t\t\t<img decoding=\"async\" width=\"640\" height=\"426\" src=\"https:\/\/eventicrea.es\/wp-content\/uploads\/2017\/01\/banner_congreso.jpg\" class=\"attachment-full size-full\" alt=\"\" srcset=\"https:\/\/eventicrea.es\/wp-content\/uploads\/2017\/01\/banner_congreso.jpg 640w, https:\/\/eventicrea.es\/wp-content\/uploads\/2017\/01\/banner_congreso-300x200.jpg 300w\" sizes=\"(max-width: 640px) 100vw, 640px\" \/>\n\t\t\t<\/dt><\/dl><dl class='gallery-item'>\n\t\t\t<dt class='gallery-icon landscape'>\n\t\t\t\t<img decoding=\"async\" width=\"640\" height=\"426\" src=\"https:\/\/eventicrea.es\/wp-content\/uploads\/2017\/01\/banner_congreso2.jpg\" class=\"attachment-full size-full\" alt=\"\" srcset=\"https:\/\/eventicrea.es\/wp-content\/uploads\/2017\/01\/banner_congreso2.jpg 640w, https:\/\/eventicrea.es\/wp-content\/uploads\/2017\/01\/banner_congreso2-300x200.jpg 300w\" sizes=\"(max-width: 640px) 100vw, 640px\" \/>\n\t\t\t<\/dt><\/dl><br style=\"clear: both\" \/>\n\t\t<\/div>\n\n<h3><strong>Fiestas de cumplea\u00f1os y fiestas infantiles<\/strong><\/h3>\n<p>Te ayudamos a buscar el local adecuado para tu fiesta y a decorarlo junto a ti buscando la mejor animaci\u00f3n para que la fiesta sea inolvidable.<\/p>\n\n\t\t<style type=\"text\/css\">\n\t\t\t#gallery-2 {\n\t\t\t\tmargin: auto;\n\t\t\t}\n\t\t\t#gallery-2 .gallery-item {\n\t\t\t\tfloat: left;\n\t\t\t\tmargin-top: 10px;\n\t\t\t\ttext-align: center;\n\t\t\t\twidth: 50%;\n\t\t\t}\n\t\t\t#gallery-2 img {\n\t\t\t\tborder: 2px solid #cfcfcf;\n\t\t\t}\n\t\t\t#gallery-2 .gallery-caption {\n\t\t\t\tmargin-left: 0;\n\t\t\t}\n\t\t\t\/* see gallery_shortcode() in wp-includes\/media.php *\/\n\t\t<\/style>\n\t\t<div id='gallery-2' class='gallery galleryid-96 gallery-columns-2 gallery-size-full'><dl class='gallery-item'>\n\t\t\t<dt class='gallery-icon landscape'>\n\t\t\t\t<img loading=\"lazy\" decoding=\"async\" width=\"640\" height=\"426\" src=\"https:\/\/eventicrea.es\/wp-content\/uploads\/2017\/01\/banner_cumpleanos-1.jpg\" class=\"attachment-full size-full\" alt=\"\" srcset=\"https:\/\/eventicrea.es\/wp-content\/uploads\/2017\/01\/banner_cumpleanos-1.jpg 640w, https:\/\/eventicrea.es\/wp-content\/uploads\/2017\/01\/banner_cumpleanos-1-300x200.jpg 300w\" sizes=\"(max-width: 640px) 100vw, 640px\" \/>\n\t\t\t<\/dt><\/dl><dl class='gallery-item'>\n\t\t\t<dt class='gallery-icon landscape'>\n\t\t\t\t<img loading=\"lazy\" decoding=\"async\" width=\"640\" height=\"426\" src=\"https:\/\/eventicrea.es\/wp-content\/uploads\/2017\/01\/banner_infantil.jpg\" class=\"attachment-full size-full\" alt=\"\" srcset=\"https:\/\/eventicrea.es\/wp-content\/uploads\/2017\/01\/banner_infantil.jpg 640w, https:\/\/eventicrea.es\/wp-content\/uploads\/2017\/01\/banner_infantil-300x200.jpg 300w\" sizes=\"(max-width: 640px) 100vw, 640px\" \/>\n\t\t\t<\/dt><\/dl><br style=\"clear: both\" \/>\n\t\t<\/div>\n\n<h3><strong>Despedida de\u00a0<\/strong><strong>solter@<\/strong><\/h3>\n<p>Organizamos la despedida de solter@ m\u00e1s divertida busc\u00e1ndote el restaurante, hotel, espect\u00e1culo, disfraces y detalles sorpresas para el novio o la novia.<\/p>\n\n\t\t<style type=\"text\/css\">\n\t\t\t#gallery-3 {\n\t\t\t\tmargin: auto;\n\t\t\t}\n\t\t\t#gallery-3 .gallery-item {\n\t\t\t\tfloat: left;\n\t\t\t\tmargin-top: 10px;\n\t\t\t\ttext-align: center;\n\t\t\t\twidth: 33%;\n\t\t\t}\n\t\t\t#gallery-3 img {\n\t\t\t\tborder: 2px solid #cfcfcf;\n\t\t\t}\n\t\t\t#gallery-3 .gallery-caption {\n\t\t\t\tmargin-left: 0;\n\t\t\t}\n\t\t\t\/* see gallery_shortcode() in wp-includes\/media.php *\/\n\t\t<\/style>\n\t\t<div id='gallery-3' class='gallery galleryid-96 gallery-columns-3 gallery-size-full'><dl class='gallery-item'>\n\t\t\t<dt class='gallery-icon landscape'>\n\t\t\t\t<img loading=\"lazy\" decoding=\"async\" width=\"640\" height=\"358\" src=\"https:\/\/eventicrea.es\/wp-content\/uploads\/2017\/01\/banner_fiesta.jpg\" class=\"attachment-full size-full\" alt=\"\" srcset=\"https:\/\/eventicrea.es\/wp-content\/uploads\/2017\/01\/banner_fiesta.jpg 640w, https:\/\/eventicrea.es\/wp-content\/uploads\/2017\/01\/banner_fiesta-300x168.jpg 300w\" sizes=\"(max-width: 640px) 100vw, 640px\" \/>\n\t\t\t<\/dt><\/dl><dl class='gallery-item'>\n\t\t\t<dt class='gallery-icon landscape'>\n\t\t\t\t<img loading=\"lazy\" decoding=\"async\" width=\"640\" height=\"423\" src=\"https:\/\/eventicrea.es\/wp-content\/uploads\/2017\/01\/banner_playa.jpg\" class=\"attachment-full size-full\" alt=\"\" srcset=\"https:\/\/eventicrea.es\/wp-content\/uploads\/2017\/01\/banner_playa.jpg 640w, https:\/\/eventicrea.es\/wp-content\/uploads\/2017\/01\/banner_playa-300x198.jpg 300w\" sizes=\"(max-width: 640px) 100vw, 640px\" \/>\n\t\t\t<\/dt><\/dl><dl class='gallery-item'>\n\t\t\t<dt class='gallery-icon landscape'>\n\t\t\t\t<img loading=\"lazy\" decoding=\"async\" width=\"640\" height=\"480\" src=\"https:\/\/eventicrea.es\/wp-content\/uploads\/2017\/01\/banner_concierto.jpg\" class=\"attachment-full size-full\" alt=\"\" srcset=\"https:\/\/eventicrea.es\/wp-content\/uploads\/2017\/01\/banner_concierto.jpg 640w, https:\/\/eventicrea.es\/wp-content\/uploads\/2017\/01\/banner_concierto-300x225.jpg 300w\" sizes=\"(max-width: 640px) 100vw, 640px\" \/>\n\t\t\t<\/dt><\/dl><br style=\"clear: both\" \/>\n\t\t<\/div>\n\n<h3><strong>Comuniones y bautizos<\/strong><\/h3>\n<p>Te reservamos el restaurante y te ayudamos con la decoraci\u00f3n, montaje de mesas dulces para los peque\u00f1os y mayores, buscamos la mejor animaci\u00f3n infantil y regalos para los protagonistas del d\u00eda.<\/p>\n\n\t\t<style type=\"text\/css\">\n\t\t\t#gallery-4 {\n\t\t\t\tmargin: auto;\n\t\t\t}\n\t\t\t#gallery-4 .gallery-item {\n\t\t\t\tfloat: left;\n\t\t\t\tmargin-top: 10px;\n\t\t\t\ttext-align: center;\n\t\t\t\twidth: 50%;\n\t\t\t}\n\t\t\t#gallery-4 img {\n\t\t\t\tborder: 2px solid #cfcfcf;\n\t\t\t}\n\t\t\t#gallery-4 .gallery-caption {\n\t\t\t\tmargin-left: 0;\n\t\t\t}\n\t\t\t\/* see gallery_shortcode() in wp-includes\/media.php *\/\n\t\t<\/style>\n\t\t<div id='gallery-4' class='gallery galleryid-96 gallery-columns-2 gallery-size-full'><dl class='gallery-item'>\n\t\t\t<dt class='gallery-icon landscape'>\n\t\t\t\t<img loading=\"lazy\" decoding=\"async\" width=\"640\" height=\"426\" src=\"https:\/\/eventicrea.es\/wp-content\/uploads\/2017\/01\/banner_comuniones.jpg\" class=\"attachment-full size-full\" alt=\"\" srcset=\"https:\/\/eventicrea.es\/wp-content\/uploads\/2017\/01\/banner_comuniones.jpg 640w, https:\/\/eventicrea.es\/wp-content\/uploads\/2017\/01\/banner_comuniones-300x200.jpg 300w\" sizes=\"(max-width: 640px) 100vw, 640px\" \/>\n\t\t\t<\/dt><\/dl><dl class='gallery-item'>\n\t\t\t<dt class='gallery-icon landscape'>\n\t\t\t\t<img loading=\"lazy\" decoding=\"async\" width=\"640\" height=\"426\" src=\"https:\/\/eventicrea.es\/wp-content\/uploads\/2017\/01\/banner_comuniones2.jpg\" class=\"attachment-full size-full\" alt=\"\" srcset=\"https:\/\/eventicrea.es\/wp-content\/uploads\/2017\/01\/banner_comuniones2.jpg 640w, https:\/\/eventicrea.es\/wp-content\/uploads\/2017\/01\/banner_comuniones2-300x200.jpg 300w\" sizes=\"(max-width: 640px) 100vw, 640px\" \/>\n\t\t\t<\/dt><\/dl><br style=\"clear: both\" \/>\n\t\t<\/div>\n\n<p><a class=\"more-link\" href=\"https:\/\/eventicrea.es\/contacto\/\">Solicita informaci\u00f3n<\/a><\/p>","protected":false},"excerpt":{"rendered":"<div class=\"slide-text-bg2\"><span>Desculpe, este conte\u00fado s\u00f3 est\u00e1 dispon\u00edvel em Espa\u00f1ol e English. Por uma quest\u00e3o de conveni\u00eancia para o utilizador, o conte\u00fado \u00e9 mostrado abaixo n<\/span><\/div>\n<div class=\"slide-btn-area-sm\"><a href=\"https:\/\/eventicrea.es\/pt\/organizacion-eventos\/\" class=\"slide-btn-sm\">Read More<\/a><\/div>\n","protected":false},"author":1,"featured_media":0,"parent":0,"menu_order":0,"comment_status":"closed","ping_status":"closed","template":"fullwidth.php","meta":{"footnotes":""},"class_list":["post-96","page","type-page","status-publish","hentry"],"_links":{"self":[{"href":"https:\/\/eventicrea.es\/pt\/wp-json\/wp\/v2\/pages\/96","targetHints":{"allow":["GET"]}}],"collection":[{"href":"https:\/\/eventicrea.es\/pt\/wp-json\/wp\/v2\/pages"}],"about":[{"href":"https:\/\/eventicrea.es\/pt\/wp-json\/wp\/v2\/types\/page"}],"author":[{"embeddable":true,"href":"https:\/\/eventicrea.es\/pt\/wp-json\/wp\/v2\/users\/1"}],"replies":[{"embeddable":true,"href":"https:\/\/eventicrea.es\/pt\/wp-json\/wp\/v2\/comments?post=96"}],"version-history":[{"count":21,"href":"https:\/\/eventicrea.es\/pt\/wp-json\/wp\/v2\/pages\/96\/revisions"}],"predecessor-version":[{"id":876,"href":"https:\/\/eventicrea.es\/pt\/wp-json\/wp\/v2\/pages\/96\/revisions\/876"}],"wp:attachment":[{"href":"https:\/\/eventicrea.es\/pt\/wp-json\/wp\/v2\/media?parent=96"}],"curies":[{"name":"wp","href":"https:\/\/api.w.org\/{rel}","templated":true}]}}